{"id":2533,"date":"2024-05-05T18:39:03","date_gmt":"2024-05-05T16:39:03","guid":{"rendered":"https:\/\/www.fondslesbien.org\/wp-content\/uploads\/2024\/05\/RDV-a-la-Marche-lesbienne-du-4-Mai-a-Paris.jpg"},"modified":"2024-05-05T18:39:03","modified_gmt":"2024-05-05T16:39:03","slug":"rdv-a-la-marche-lesbienne-du-4-mai-a-paris","status":"inherit","type":"attachment","link":"https:\/\/www.fondslesbien.org\/en\/marche-lesbienne-2024\/rdv-a-la-marche-lesbienne-du-4-mai-a-paris\/","title":{"rendered":"RDV-a-la-Marche-lesbienne-du-4-Mai-a-Paris"},"author":2,"featured_media":0,"comment_status":"closed","ping_status":"closed","template":"","meta":[],"class_list":["post-2533","attachment","type-attachment","status-inherit","hentry"],"translation":{"provider":"WPGlobus","version":"3.0.2","language":"en","enabled_languages":["fr","en"],"languages":{"fr":{"title":true},"en":{"title":false}}},"yoast_head":"<!-- This site is optimized with the Yoast SEO plugin v26.8 - https:\/\/yoast.com\/product\/yoast-seo-wordpress\/ -->\n<title>RDV-a-la-Marche-lesbienne-du-4-Mai-a-Paris &#8212; LIG<\/title>\n<meta name=\"robots\" content=\"index, follow, max-snippet:-1, max-image-preview:large, max-video-preview:-1\" \/>\n<link rel=\"canonical\" href=\"https:\/\/www.fondslesbien.org\/wp-content\/uploads\/2024\/05\/RDV-a-la-Marche-lesbienne-du-4-Mai-a-Paris.jpg\" \/>\n<meta property=\"og:locale\" content=\"en_US\" \/>\n<meta property=\"og:type\" content=\"article\" \/>\n<meta property=\"og:title\" content=\"RDV-a-la-Marche-lesbienne-du-4-Mai-a-Paris &#8212; LIG\" \/>\n<meta property=\"og:url\" content=\"https:\/\/www.fondslesbien.org\/wp-content\/uploads\/2024\/05\/RDV-a-la-Marche-lesbienne-du-4-Mai-a-Paris.jpg\" \/>\n<meta property=\"og:site_name\" content=\"LIG\" \/>\n<meta property=\"og:image\" content=\"https:\/\/www.fondslesbien.org\/wp-content\/uploads\/2024\/05\/RDV-a-la-Marche-lesbienne-du-4-Mai-a-Paris.jpg\" \/>\n\t<meta property=\"og:image:width\" content=\"1\" \/>\n\t<meta property=\"og:image:height\" content=\"1\" \/>\n\t<meta property=\"og:image:type\" content=\"image\/jpeg\" \/>\n<meta name=\"twitter:card\" content=\"summary_large_image\" \/>\n<script type=\"application\/ld+json\" class=\"yoast-schema-graph\">{\"@context\":\"https:\/\/schema.org\",\"@graph\":[{\"@type\":\"WebPage\",\"@id\":\"https:\/\/www.fondslesbien.org\/wp-content\/uploads\/2024\/05\/RDV-a-la-Marche-lesbienne-du-4-Mai-a-Paris.jpg\",\"url\":\"https:\/\/www.fondslesbien.org\/wp-content\/uploads\/2024\/05\/RDV-a-la-Marche-lesbienne-du-4-Mai-a-Paris.jpg\",\"name\":\"RDV-a-la-Marche-lesbienne-du-4-Mai-a-Paris &#8212; LIG\",\"isPartOf\":{\"@id\":\"https:\/\/www.fondslesbien.org\/#website\"},\"datePublished\":\"2024-05-05T16:39:03+00:00\",\"breadcrumb\":{\"@id\":\"https:\/\/www.fondslesbien.org\/wp-content\/uploads\/2024\/05\/RDV-a-la-Marche-lesbienne-du-4-Mai-a-Paris.jpg#breadcrumb\"},\"inLanguage\":\"en-US\",\"potentialAction\":[{\"@type\":\"ReadAction\",\"target\":[\"https:\/\/www.fondslesbien.org\/wp-content\/uploads\/2024\/05\/RDV-a-la-Marche-lesbienne-du-4-Mai-a-Paris.jpg\"]}]},{\"@type\":\"BreadcrumbList\",\"@id\":\"https:\/\/www.fondslesbien.org\/wp-content\/uploads\/2024\/05\/RDV-a-la-Marche-lesbienne-du-4-Mai-a-Paris.jpg#breadcrumb\",\"itemListElement\":[{\"@type\":\"ListItem\",\"position\":1,\"name\":\"Home\",\"item\":\"https:\/\/www.fondslesbien.org\/\"},{\"@type\":\"ListItem\",\"position\":2,\"name\":\"Marche lesbienne 2024\",\"item\":\"https:\/\/www.fondslesbien.org\/marche-lesbienne-2024\/\"},{\"@type\":\"ListItem\",\"position\":3,\"name\":\"RDV-a-la-Marche-lesbienne-du-4-Mai-a-Paris\"}]},{\"@type\":\"WebSite\",\"@id\":\"https:\/\/www.fondslesbien.org\/#website\",\"url\":\"https:\/\/www.fondslesbien.org\/\",\"name\":\"LIG\",\"description\":\"Lesbiennes d\u2019Int\u00e9r\u00eat G\u00e9n\u00e9ral\",\"potentialAction\":[{\"@type\":\"SearchAction\",\"target\":{\"@type\":\"EntryPoint\",\"urlTemplate\":\"https:\/\/www.fondslesbien.org\/?s={search_term_string}\"},\"query-input\":{\"@type\":\"PropertyValueSpecification\",\"valueRequired\":true,\"valueName\":\"search_term_string\"}}],\"inLanguage\":\"en-US\"}]}<\/script>\n<!-- \/ Yoast SEO plugin. -->","yoast_head_json":{"title":"RDV-a-la-Marche-lesbienne-du-4-Mai-a-Paris &#8212; LIG","robots":{"index":"index","follow":"follow","max-snippet":"max-snippet:-1","max-image-preview":"max-image-preview:large","max-video-preview":"max-video-preview:-1"},"canonical":"https:\/\/www.fondslesbien.org\/wp-content\/uploads\/2024\/05\/RDV-a-la-Marche-lesbienne-du-4-Mai-a-Paris.jpg","og_locale":"en_US","og_type":"article","og_title":"RDV-a-la-Marche-lesbienne-du-4-Mai-a-Paris &#8212; LIG","og_url":"https:\/\/www.fondslesbien.org\/wp-content\/uploads\/2024\/05\/RDV-a-la-Marche-lesbienne-du-4-Mai-a-Paris.jpg","og_site_name":"LIG","og_image":[{"url":"https:\/\/www.fondslesbien.org\/wp-content\/uploads\/2024\/05\/RDV-a-la-Marche-lesbienne-du-4-Mai-a-Paris.jpg","width":1,"height":1,"type":"image\/jpeg"}],"twitter_card":"summary_large_image","schema":{"@context":"https:\/\/schema.org","@graph":[{"@type":"WebPage","@id":"https:\/\/www.fondslesbien.org\/wp-content\/uploads\/2024\/05\/RDV-a-la-Marche-lesbienne-du-4-Mai-a-Paris.jpg","url":"https:\/\/www.fondslesbien.org\/wp-content\/uploads\/2024\/05\/RDV-a-la-Marche-lesbienne-du-4-Mai-a-Paris.jpg","name":"RDV-a-la-Marche-lesbienne-du-4-Mai-a-Paris &#8212; LIG","isPartOf":{"@id":"https:\/\/www.fondslesbien.org\/#website"},"datePublished":"2024-05-05T16:39:03+00:00","breadcrumb":{"@id":"https:\/\/www.fondslesbien.org\/wp-content\/uploads\/2024\/05\/RDV-a-la-Marche-lesbienne-du-4-Mai-a-Paris.jpg#breadcrumb"},"inLanguage":"en-US","potentialAction":[{"@type":"ReadAction","target":["https:\/\/www.fondslesbien.org\/wp-content\/uploads\/2024\/05\/RDV-a-la-Marche-lesbienne-du-4-Mai-a-Paris.jpg"]}]},{"@type":"BreadcrumbList","@id":"https:\/\/www.fondslesbien.org\/wp-content\/uploads\/2024\/05\/RDV-a-la-Marche-lesbienne-du-4-Mai-a-Paris.jpg#breadcrumb","itemListElement":[{"@type":"ListItem","position":1,"name":"Home","item":"https:\/\/www.fondslesbien.org\/"},{"@type":"ListItem","position":2,"name":"Marche lesbienne 2024","item":"https:\/\/www.fondslesbien.org\/marche-lesbienne-2024\/"},{"@type":"ListItem","position":3,"name":"RDV-a-la-Marche-lesbienne-du-4-Mai-a-Paris"}]},{"@type":"WebSite","@id":"https:\/\/www.fondslesbien.org\/#website","url":"https:\/\/www.fondslesbien.org\/","name":"LIG","description":"Lesbiennes d\u2019Int\u00e9r\u00eat G\u00e9n\u00e9ral","potentialAction":[{"@type":"SearchAction","target":{"@type":"EntryPoint","urlTemplate":"https:\/\/www.fondslesbien.org\/?s={search_term_string}"},"query-input":{"@type":"PropertyValueSpecification","valueRequired":true,"valueName":"search_term_string"}}],"inLanguage":"en-US"}]}},"description":{"rendered":"<p class=\"attachment\"><a href='https:\/\/www.fondslesbien.org\/wp-content\/uploads\/2024\/05\/RDV-a-la-Marche-lesbienne-du-4-Mai-a-Paris.jpg'><img loading=\"lazy\" decoding=\"async\" width=\"300\" height=\"191\" src=\"https:\/\/www.fondslesbien.org\/wp-content\/uploads\/2024\/05\/RDV-a-la-Marche-lesbienne-du-4-Mai-a-Paris-300x191.jpg\" class=\"attachment-medium size-medium\" alt=\"\" srcset=\"https:\/\/www.fondslesbien.org\/wp-content\/uploads\/2024\/05\/RDV-a-la-Marche-lesbienne-du-4-Mai-a-Paris-300x191.jpg 300w, https:\/\/www.fondslesbien.org\/wp-content\/uploads\/2024\/05\/RDV-a-la-Marche-lesbienne-du-4-Mai-a-Paris-600x382.jpg 600w, https:\/\/www.fondslesbien.org\/wp-content\/uploads\/2024\/05\/RDV-a-la-Marche-lesbienne-du-4-Mai-a-Paris-1024x652.jpg 1024w, https:\/\/www.fondslesbien.org\/wp-content\/uploads\/2024\/05\/RDV-a-la-Marche-lesbienne-du-4-Mai-a-Paris-768x489.jpg 768w, https:\/\/www.fondslesbien.org\/wp-content\/uploads\/2024\/05\/RDV-a-la-Marche-lesbienne-du-4-Mai-a-Paris-580x369.jpg 580w, https:\/\/www.fondslesbien.org\/wp-content\/uploads\/2024\/05\/RDV-a-la-Marche-lesbienne-du-4-Mai-a-Paris-860x547.jpg 860w, https:\/\/www.fondslesbien.org\/wp-content\/uploads\/2024\/05\/RDV-a-la-Marche-lesbienne-du-4-Mai-a-Paris.jpg 1100w\" sizes=\"auto, (max-width: 300px) 100vw, 300px\" \/><\/a><\/p>\n"},"caption":{"rendered":""},"alt_text":"","media_type":"image","mime_type":"image\/jpeg","media_details":{"width":1100,"height":700,"file":"2024\/05\/RDV-a-la-Marche-lesbienne-du-4-Mai-a-Paris.jpg","filesize":343233,"sizes":{"woocommerce_thumbnail":{"file":"RDV-a-la-Marche-lesbienne-du-4-Mai-a-Paris-300x300.jpg","width":300,"height":300,"filesize":35779,"uncropped":false,"mime_type":"image\/jpeg","source_url":"https:\/\/www.fondslesbien.org\/wp-content\/uploads\/2024\/05\/RDV-a-la-Marche-lesbienne-du-4-Mai-a-Paris-300x300.jpg"},"woocommerce_gallery_thumbnail":{"file":"RDV-a-la-Marche-lesbienne-du-4-Mai-a-Paris-100x100.jpg","width":100,"height":100,"filesize":15013,"mime_type":"image\/jpeg","source_url":"https:\/\/www.fondslesbien.org\/wp-content\/uploads\/2024\/05\/RDV-a-la-Marche-lesbienne-du-4-Mai-a-Paris-100x100.jpg"},"woocommerce_single":{"file":"RDV-a-la-Marche-lesbienne-du-4-Mai-a-Paris-600x382.jpg","width":600,"height":382,"filesize":61577,"mime_type":"image\/jpeg","source_url":"https:\/\/www.fondslesbien.org\/wp-content\/uploads\/2024\/05\/RDV-a-la-Marche-lesbienne-du-4-Mai-a-Paris-600x382.jpg"},"medium":{"file":"RDV-a-la-Marche-lesbienne-du-4-Mai-a-Paris-300x191.jpg","width":300,"height":191,"filesize":27639,"mime_type":"image\/jpeg","source_url":"https:\/\/www.fondslesbien.org\/wp-content\/uploads\/2024\/05\/RDV-a-la-Marche-lesbienne-du-4-Mai-a-Paris-300x191.jpg"},"large":{"file":"RDV-a-la-Marche-lesbienne-du-4-Mai-a-Paris-1024x652.jpg","width":1024,"height":652,"filesize":126995,"mime_type":"image\/jpeg","source_url":"https:\/\/www.fondslesbien.org\/wp-content\/uploads\/2024\/05\/RDV-a-la-Marche-lesbienne-du-4-Mai-a-Paris-1024x652.jpg"},"thumbnail":{"file":"RDV-a-la-Marche-lesbienne-du-4-Mai-a-Paris-150x150.jpg","width":150,"height":150,"filesize":18908,"mime_type":"image\/jpeg","source_url":"https:\/\/www.fondslesbien.org\/wp-content\/uploads\/2024\/05\/RDV-a-la-Marche-lesbienne-du-4-Mai-a-Paris-150x150.jpg"},"medium_large":{"file":"RDV-a-la-Marche-lesbienne-du-4-Mai-a-Paris-768x489.jpg","width":768,"height":489,"filesize":86037,"mime_type":"image\/jpeg","source_url":"https:\/\/www.fondslesbien.org\/wp-content\/uploads\/2024\/05\/RDV-a-la-Marche-lesbienne-du-4-Mai-a-Paris-768x489.jpg"},"post-thumbnail":{"file":"RDV-a-la-Marche-lesbienne-du-4-Mai-a-Paris-860x500.jpg","width":860,"height":500,"filesize":90562,"mime_type":"image\/jpeg","source_url":"https:\/\/www.fondslesbien.org\/wp-content\/uploads\/2024\/05\/RDV-a-la-Marche-lesbienne-du-4-Mai-a-Paris-860x500.jpg"},"cmsmasters-small-thumb":{"file":"RDV-a-la-Marche-lesbienne-du-4-Mai-a-Paris-70x70.jpg","width":70,"height":70,"filesize":13051,"mime_type":"image\/jpeg","source_url":"https:\/\/www.fondslesbien.org\/wp-content\/uploads\/2024\/05\/RDV-a-la-Marche-lesbienne-du-4-Mai-a-Paris-70x70.jpg"},"cmsmasters-square-thumb":{"file":"RDV-a-la-Marche-lesbienne-du-4-Mai-a-Paris-300x300.jpg","width":300,"height":300,"filesize":35686,"mime_type":"image\/jpeg","source_url":"https:\/\/www.fondslesbien.org\/wp-content\/uploads\/2024\/05\/RDV-a-la-Marche-lesbienne-du-4-Mai-a-Paris-300x300.jpg"},"cmsmasters-blog-masonry-thumb":{"file":"RDV-a-la-Marche-lesbienne-du-4-Mai-a-Paris-580x420.jpg","width":580,"height":420,"filesize":64281,"mime_type":"image\/jpeg","source_url":"https:\/\/www.fondslesbien.org\/wp-content\/uploads\/2024\/05\/RDV-a-la-Marche-lesbienne-du-4-Mai-a-Paris-580x420.jpg"},"cmsmasters-project-grid-thumb":{"file":"RDV-a-la-Marche-lesbienne-du-4-Mai-a-Paris-360x360.jpg","width":360,"height":360,"filesize":43063,"mime_type":"image\/jpeg","source_url":"https:\/\/www.fondslesbien.org\/wp-content\/uploads\/2024\/05\/RDV-a-la-Marche-lesbienne-du-4-Mai-a-Paris-360x360.jpg"},"cmsmasters-project-thumb":{"file":"RDV-a-la-Marche-lesbienne-du-4-Mai-a-Paris-580x580.jpg","width":580,"height":580,"filesize":78503,"mime_type":"image\/jpeg","source_url":"https:\/\/www.fondslesbien.org\/wp-content\/uploads\/2024\/05\/RDV-a-la-Marche-lesbienne-du-4-Mai-a-Paris-580x580.jpg"},"cmsmasters-project-masonry-thumb":{"file":"RDV-a-la-Marche-lesbienne-du-4-Mai-a-Paris-580x369.jpg","width":580,"height":369,"filesize":59365,"mime_type":"image\/jpeg","source_url":"https:\/\/www.fondslesbien.org\/wp-content\/uploads\/2024\/05\/RDV-a-la-Marche-lesbienne-du-4-Mai-a-Paris-580x369.jpg"},"cmsmasters-masonry-thumb":{"file":"RDV-a-la-Marche-lesbienne-du-4-Mai-a-Paris-860x547.jpg","width":860,"height":547,"filesize":100678,"mime_type":"image\/jpeg","source_url":"https:\/\/www.fondslesbien.org\/wp-content\/uploads\/2024\/05\/RDV-a-la-Marche-lesbienne-du-4-Mai-a-Paris-860x547.jpg"},"cmsmasters-full-thumb":{"file":"RDV-a-la-Marche-lesbienne-du-4-Mai-a-Paris-1100x650.jpg","width":1100,"height":650,"filesize":136415,"mime_type":"image\/jpeg","source_url":"https:\/\/www.fondslesbien.org\/wp-content\/uploads\/2024\/05\/RDV-a-la-Marche-lesbienne-du-4-Mai-a-Paris-1100x650.jpg"},"full":{"file":"RDV-a-la-Marche-lesbienne-du-4-Mai-a-Paris.jpg","width":1100,"height":700,"mime_type":"image\/jpeg","source_url":"https:\/\/www.fondslesbien.org\/wp-content\/uploads\/2024\/05\/RDV-a-la-Marche-lesbienne-du-4-Mai-a-Paris.jpg"}},"image_meta":{"aperture":"0","credit":"","camera":"","caption":"","created_timestamp":"0","copyright":"","focal_length":"0","iso":"0","shutter_speed":"0","title":"","orientation":"1","keywords":[]}},"post":2532,"source_url":"https:\/\/www.fondslesbien.org\/wp-content\/uploads\/2024\/05\/RDV-a-la-Marche-lesbienne-du-4-Mai-a-Paris.jpg","_links":{"self":[{"href":"https:\/\/www.fondslesbien.org\/en\/wp-json\/wp\/v2\/media\/2533","targetHints":{"allow":["GET"]}}],"collection":[{"href":"https:\/\/www.fondslesbien.org\/en\/wp-json\/wp\/v2\/media"}],"about":[{"href":"https:\/\/www.fondslesbien.org\/en\/wp-json\/wp\/v2\/types\/attachment"}],"author":[{"embeddable":true,"href":"https:\/\/www.fondslesbien.org\/en\/wp-json\/wp\/v2\/users\/2"}],"replies":[{"embeddable":true,"href":"https:\/\/www.fondslesbien.org\/en\/wp-json\/wp\/v2\/comments?post=2533"}]}}