{"id":8,"date":"2016-09-15T15:55:00","date_gmt":"2016-09-15T15:55:00","guid":{"rendered":"http:\/\/fondslesbien.org\/?page_id=8"},"modified":"2018-03-10T19:01:22","modified_gmt":"2018-03-10T19:01:22","slug":"nous-connaitre","status":"publish","type":"page","link":"https:\/\/www.fondslesbien.org\/en\/nous-connaitre\/","title":{"rendered":"Nous conna\u00eetre"},"content":{"rendered":"<div id=\"cmsmasters_row_\" class=\"cmsmasters_row cmsmasters_color_scheme_default cmsmasters_row_top_default cmsmasters_row_bot_default cmsmasters_row_boxed\">\n<div class=\"cmsmasters_row_outer_parent\">\n<div class=\"cmsmasters_row_outer\">\n<div class=\"cmsmasters_row_inner\">\n<div class=\"cmsmasters_row_margin\">\n<div class=\"cmsmasters_column one_half\">\n<div class=\"cmsmasters_text\">\n<h3>Dans toutes les luttes, sur tous les fronts, les lesbiennes contribuent, depuis des d\u00e9cennies, \u00e0 changer la soci\u00e9t\u00e9. Cr\u00e9\u00e9e par des lesbiennes, la LIG \u2013 <em>Lesbiennes d\u2019Int\u00e9r\u00eat G\u00e9n\u00e9ral<\/em>\u00a0a pour ambition d&#8217;aider les lesbiennes \u00e0 financer et d\u00e9cupler leurs initiatives, encourager leurs projets, susciter des vocations, et agir pour notre affirmation individuelle et collective.<\/h3>\n<p>La LIG s\u2019inscrit dans la continuit\u00e9 des mouvements et luttes d\u2019\u00e9mancipation f\u00e9ministes, lesbiennes, antiracistes et lgbtqi. Ses valeurs se fondent sur notre h\u00e9ritage historique et sur une conscience collective partag\u00e9e.<\/p>\n<p>Ses actions se construisent sur le m\u00e9lange des diff\u00e9rences et des origines, la circulation et l\u2019\u00e9change des id\u00e9es, la mise en partage des savoirs et des modes de vie, et sur la philanthropie comme moyen d\u2019acc\u00e8s \u00e0 plus de solidarit\u00e9 et de justice sociale.<\/p>\n<\/div>\n<\/div>\n<div class=\"cmsmasters_column one_half\">\n<div class=\"cmsmasters_text\">\n<p>Nous avons choisi de constituer la LIG \u2013 Lesbiennes d\u2019Int\u00e9r\u00eat G\u00e9n\u00e9ral en fonds de dotation. Le fonds de dotation est un outil de m\u00e9c\u00e9nat qui permet de soutenir des projets d\u2019int\u00e9r\u00eat g\u00e9n\u00e9ral. C\u2019est un organisme \u00e0 but non lucratif, g\u00e9r\u00e9 \u00e0 titre b\u00e9n\u00e9vole et cr\u00e9\u00e9 dans le cadre de la loi n\u00b0 2008-117 du 4 ao\u00fbt 2008 et du d\u00e9cret n\u00b0 2009-158 du 11 f\u00e9vrier 2009. Les <a href=\"http:\/\/fondslesbien.org\/wp-content\/uploads\/2016\/12\/Statuts-23-fe\u0301vrier-2016.pdf\" target=\"_blank\" rel=\"noopener noreferrer\">statuts<\/a> ont \u00e9t\u00e9 d\u00e9pos\u00e9s en pr\u00e9fecture le 23 f\u00e9vrier 2016.<\/p>\n<p>Il est aliment\u00e9 gr\u00e2ce \u00e0 vos dons, vos donations, vos legs et vos donations temporaires d\u2019usufruit et a pour objectif de financer des projets port\u00e9s par des lesbiennes et pour des lesbiennes, et par des associations \u0153uvrant dans un champ similaire.<\/p>\n<p>Il permet d\u2019apporter des aides directes aux personnes et aux associations, sous la forme de bourses, de prix et de subventions.<\/p>\n<\/div>\n<\/div>\n<\/div>\n<\/div>\n<\/div>\n<\/div>\n<\/div>\n<div id=\"cmsmasters_row_uhxjz3qkum\" class=\"cmsmasters_row cmsmasters_color_scheme_default cmsmasters_row_top_default cmsmasters_row_bot_default cmsmasters_row_boxed\">\n<div class=\"cmsmasters_row_outer_parent\">\n<div class=\"cmsmasters_row_outer\">\n<div class=\"cmsmasters_row_inner\">\n<div class=\"cmsmasters_row_margin\">\n<div class=\"cmsmasters_column one_first\">\n<div class=\"cmsmasters_text\">\n<h2 style=\"text-align: center;\"><strong>LES FONDATRICES<\/strong><\/h2>\n<\/div>\n<\/div>\n<\/div>\n<\/div>\n<\/div>\n<\/div>\n<\/div>\n<div id=\"cmsmasters_row_\" class=\"cmsmasters_row cmsmasters_color_scheme_default cmsmasters_row_top_default cmsmasters_row_bot_default cmsmasters_row_boxed\">\n<div class=\"cmsmasters_row_outer_parent\">\n<div class=\"cmsmasters_row_outer\">\n<div class=\"cmsmasters_row_inner\">\n<div class=\"cmsmasters_row_margin\">\n<div class=\"cmsmasters_column one_first\">\n<div id=\"69f205a043d8b\" class=\"cmsmasters_profile horizontal\">\n\r\n<!--_________________________ Start Horizontal Profile _________________________ -->\r\n\r\n<article id=\"post-800\" class=\"cmsmasters_profile_horizontal one_third post-800 profile type-profile status-publish has-post-thumbnail hentry pl-categs-fondatrices\">\r\n\t<div class=\"profile_outer\">\r\n\t<div class=\"cmsmasters_profile_img_wrap\"><figure class=\"cmsmasters_img_rollover_wrap preloader\"><img loading=\"lazy\" decoding=\"async\" width=\"300\" height=\"300\" src=\"https:\/\/www.fondslesbien.org\/wp-content\/uploads\/2016\/12\/LIG_alix_beranger.jpg\" class=\"full-width wp-post-image\" alt=\"Alix BERANGER\" title=\"Alix BERANGER\" srcset=\"https:\/\/www.fondslesbien.org\/wp-content\/uploads\/2016\/12\/LIG_alix_beranger.jpg 542w, https:\/\/www.fondslesbien.org\/wp-content\/uploads\/2016\/12\/LIG_alix_beranger-300x300.jpg 300w, https:\/\/www.fondslesbien.org\/wp-content\/uploads\/2016\/12\/LIG_alix_beranger-100x100.jpg 100w, https:\/\/www.fondslesbien.org\/wp-content\/uploads\/2016\/12\/LIG_alix_beranger-150x150.jpg 150w\" sizes=\"auto, (max-width: 300px) 100vw, 300px\" \/><div class=\"cmsmasters_img_rollover\"><a href=\"https:\/\/www.fondslesbien.org\/en\/profile\/alix-beranger\/\" title=\"Alix BERANGER\" class=\"cmsmasters_open_post_link cmsmasters_theme_icon_post_link\"><\/a><\/div><\/figure><\/div><div class=\"profile_inner\"><header class=\"cmsmasters_profile_header entry-header\"><h3 class=\"cmsmasters_profile_title entry-title\"><a href=\"https:\/\/www.fondslesbien.org\/en\/profile\/alix-beranger\/\">Alix BERANGER<\/a><\/h3><\/header><div class=\"cmsmasters_profile_content entry-content\">\n<p>Cela fait plus de 10 ans qu\u2019Alix B\u00e9ranger travaille pour et avec des organisations d\u2019int\u00e9r\u00eat g\u00e9n\u00e9ral. Depuis 2014 elle s\u2019est...<\/p>\n<\/div>\n<\/div>\t<\/div>\r\n<\/article>\r\n<!--_________________________ Finish Horizontal Profile _________________________ -->\r\n\r\n\r\n<!--_________________________ Start Horizontal Profile _________________________ -->\r\n\r\n<article id=\"post-802\" class=\"cmsmasters_profile_horizontal one_third post-802 profile type-profile status-publish has-post-thumbnail hentry pl-categs-comite-attribution pl-categs-fondatrices\">\r\n\t<div class=\"profile_outer\">\r\n\t<div class=\"cmsmasters_profile_img_wrap\"><figure class=\"cmsmasters_img_rollover_wrap preloader\"><img loading=\"lazy\" decoding=\"async\" width=\"300\" height=\"300\" src=\"https:\/\/www.fondslesbien.org\/wp-content\/uploads\/2016\/12\/LIG_silvia_casalino.jpg\" class=\"full-width wp-post-image\" alt=\"Silvia \u00ab Yuri \u00bb CASALINO\" title=\"Silvia \u00ab Yuri \u00bb CASALINO\" srcset=\"https:\/\/www.fondslesbien.org\/wp-content\/uploads\/2016\/12\/LIG_silvia_casalino.jpg 714w, https:\/\/www.fondslesbien.org\/wp-content\/uploads\/2016\/12\/LIG_silvia_casalino-300x300.jpg 300w, https:\/\/www.fondslesbien.org\/wp-content\/uploads\/2016\/12\/LIG_silvia_casalino-100x100.jpg 100w, https:\/\/www.fondslesbien.org\/wp-content\/uploads\/2016\/12\/LIG_silvia_casalino-600x600.jpg 600w, https:\/\/www.fondslesbien.org\/wp-content\/uploads\/2016\/12\/LIG_silvia_casalino-150x150.jpg 150w\" sizes=\"auto, (max-width: 300px) 100vw, 300px\" \/><div class=\"cmsmasters_img_rollover\"><a href=\"https:\/\/www.fondslesbien.org\/en\/profile\/silvia-yuri-casalino\/\" title=\"Silvia \u00ab Yuri \u00bb CASALINO\" class=\"cmsmasters_open_post_link cmsmasters_theme_icon_post_link\"><\/a><\/div><\/figure><\/div><div class=\"profile_inner\"><header class=\"cmsmasters_profile_header entry-header\"><h3 class=\"cmsmasters_profile_title entry-title\"><a href=\"https:\/\/www.fondslesbien.org\/en\/profile\/silvia-yuri-casalino\/\">Silvia \u00ab Yuri \u00bb CASALINO<\/a><\/h3><\/header><div class=\"cmsmasters_profile_content entry-content\">\n<p>Silvia Casalino est une militante lesbienne, enseignante universitaire et cin\u00e9aste titulaire d&#8217;un master en ing\u00e9nierie spatiale. De 2001 \u00e0 2018,...<\/p>\n<\/div>\n<\/div>\t<\/div>\r\n<\/article>\r\n<!--_________________________ Finish Horizontal Profile _________________________ -->\r\n\r\n\r\n<!--_________________________ Start Horizontal Profile _________________________ -->\r\n\r\n<article id=\"post-812\" class=\"cmsmasters_profile_horizontal one_third post-812 profile type-profile status-publish has-post-thumbnail hentry pl-categs-comite-attribution pl-categs-fondatrices\">\r\n\t<div class=\"profile_outer\">\r\n\t<div class=\"cmsmasters_profile_img_wrap\"><figure class=\"cmsmasters_img_rollover_wrap preloader\"><img loading=\"lazy\" decoding=\"async\" width=\"300\" height=\"300\" src=\"https:\/\/www.fondslesbien.org\/wp-content\/uploads\/2016\/12\/LIG_cecile_chartrain.png\" class=\"full-width wp-post-image\" alt=\"C\u00e9cile CHARTRAIN\" title=\"C\u00e9cile CHARTRAIN\" srcset=\"https:\/\/www.fondslesbien.org\/wp-content\/uploads\/2016\/12\/LIG_cecile_chartrain.png 600w, https:\/\/www.fondslesbien.org\/wp-content\/uploads\/2016\/12\/LIG_cecile_chartrain-300x300.png 300w, https:\/\/www.fondslesbien.org\/wp-content\/uploads\/2016\/12\/LIG_cecile_chartrain-100x100.png 100w, https:\/\/www.fondslesbien.org\/wp-content\/uploads\/2016\/12\/LIG_cecile_chartrain-150x150.png 150w\" sizes=\"auto, (max-width: 300px) 100vw, 300px\" \/><div class=\"cmsmasters_img_rollover\"><a href=\"https:\/\/www.fondslesbien.org\/en\/profile\/cecile-chartrain\/\" title=\"C\u00e9cile CHARTRAIN\" class=\"cmsmasters_open_post_link cmsmasters_theme_icon_post_link\"><\/a><\/div><\/figure><\/div><div class=\"profile_inner\"><header class=\"cmsmasters_profile_header entry-header\"><h3 class=\"cmsmasters_profile_title entry-title\"><a href=\"https:\/\/www.fondslesbien.org\/en\/profile\/cecile-chartrain\/\">C\u00e9cile CHARTRAIN<\/a><\/h3><\/header><div class=\"cmsmasters_profile_content entry-content\">\n<p>Engag\u00e9e dans les mouvements f\u00e9ministes et LGBTQI depuis une quinzaine d\u2019ann\u00e9es, C\u00e9cile Chartrain a notamment co-fond\u00e9 l\u2019association Les D\u00e9gommeuses, qui...<\/p>\n<\/div>\n<\/div>\t<\/div>\r\n<\/article>\r\n<!--_________________________ Finish Horizontal Profile _________________________ -->\r\n\r\n\r\n<!--_________________________ Start Horizontal Profile _________________________ -->\r\n\r\n<article id=\"post-814\" class=\"cmsmasters_profile_horizontal one_third post-814 profile type-profile status-publish has-post-thumbnail hentry pl-categs-comite-attribution pl-categs-fondatrices\">\r\n\t<div class=\"profile_outer\">\r\n\t<div class=\"cmsmasters_profile_img_wrap\"><figure class=\"cmsmasters_img_rollover_wrap preloader\"><img loading=\"lazy\" decoding=\"async\" width=\"300\" height=\"300\" src=\"https:\/\/www.fondslesbien.org\/wp-content\/uploads\/2016\/12\/LIG_alice_coffin.jpg\" class=\"full-width wp-post-image\" alt=\"Alice COFFIN\" title=\"Alice COFFIN\" srcset=\"https:\/\/www.fondslesbien.org\/wp-content\/uploads\/2016\/12\/LIG_alice_coffin.jpg 322w, https:\/\/www.fondslesbien.org\/wp-content\/uploads\/2016\/12\/LIG_alice_coffin-300x300.jpg 300w, https:\/\/www.fondslesbien.org\/wp-content\/uploads\/2016\/12\/LIG_alice_coffin-100x100.jpg 100w, https:\/\/www.fondslesbien.org\/wp-content\/uploads\/2016\/12\/LIG_alice_coffin-150x150.jpg 150w\" sizes=\"auto, (max-width: 300px) 100vw, 300px\" \/><div class=\"cmsmasters_img_rollover\"><a href=\"https:\/\/www.fondslesbien.org\/en\/profile\/alice-coffin\/\" title=\"Alice COFFIN\" class=\"cmsmasters_open_post_link cmsmasters_theme_icon_post_link\"><\/a><\/div><\/figure><\/div><div class=\"profile_inner\"><header class=\"cmsmasters_profile_header entry-header\"><h3 class=\"cmsmasters_profile_title entry-title\"><a href=\"https:\/\/www.fondslesbien.org\/en\/profile\/alice-coffin\/\">Alice COFFIN<\/a><\/h3><\/header><div class=\"cmsmasters_profile_content entry-content\">\n<p>Journaliste, sp\u00e9cialiste des m\u00e9dias, activiste et syndicaliste, Alice Coffin travaille, au quotidien, \u00e0 d\u00e9miner et d\u00e9jouer les discours et pratiques...<\/p>\n<\/div>\n<\/div>\t<\/div>\r\n<\/article>\r\n<!--_________________________ Finish Horizontal Profile _________________________ -->\r\n\r\n\r\n<!--_________________________ Start Horizontal Profile _________________________ -->\r\n\r\n<article id=\"post-816\" class=\"cmsmasters_profile_horizontal one_third post-816 profile type-profile status-publish has-post-thumbnail hentry pl-categs-fondatrices\">\r\n\t<div class=\"profile_outer\">\r\n\t<div class=\"cmsmasters_profile_img_wrap\"><figure class=\"cmsmasters_img_rollover_wrap preloader\"><img loading=\"lazy\" decoding=\"async\" width=\"207\" height=\"207\" src=\"https:\/\/www.fondslesbien.org\/wp-content\/uploads\/2016\/12\/LIG_catherine_facerias.png\" class=\"full-width wp-post-image\" alt=\"Catherine FACERIAS\" title=\"Catherine FACERIAS\" srcset=\"https:\/\/www.fondslesbien.org\/wp-content\/uploads\/2016\/12\/LIG_catherine_facerias.png 207w, https:\/\/www.fondslesbien.org\/wp-content\/uploads\/2016\/12\/LIG_catherine_facerias-100x100.png 100w, https:\/\/www.fondslesbien.org\/wp-content\/uploads\/2016\/12\/LIG_catherine_facerias-150x150.png 150w\" sizes=\"auto, (max-width: 207px) 100vw, 207px\" \/><div class=\"cmsmasters_img_rollover\"><a href=\"https:\/\/www.fondslesbien.org\/en\/profile\/catherine-facerias\/\" title=\"Catherine FACERIAS\" class=\"cmsmasters_open_post_link cmsmasters_theme_icon_post_link\"><\/a><\/div><\/figure><\/div><div class=\"profile_inner\"><header class=\"cmsmasters_profile_header entry-header\"><h3 class=\"cmsmasters_profile_title entry-title\"><a href=\"https:\/\/www.fondslesbien.org\/en\/profile\/catherine-facerias\/\">Catherine FACERIAS<\/a><\/h3><\/header><div class=\"cmsmasters_profile_content entry-content\">\n<p>R\u00e9guli\u00e8rement je r\u00eave d\u2019\u00eatre Virginia Woolf et d\u2019\u00e9crire Une Chambre \u00e0 soi, d\u2019\u00eatre Gloria Anzaldua et d\u2019\u00e9crire La Nueva Mestiza,...<\/p>\n<\/div>\n<\/div>\t<\/div>\r\n<\/article>\r\n<!--_________________________ Finish Horizontal Profile _________________________ -->\r\n\r\n\r\n<!--_________________________ Start Horizontal Profile _________________________ -->\r\n\r\n<article id=\"post-818\" class=\"cmsmasters_profile_horizontal one_third post-818 profile type-profile status-publish has-post-thumbnail hentry pl-categs-fondatrices\">\r\n\t<div class=\"profile_outer\">\r\n\t<div class=\"cmsmasters_profile_img_wrap\"><figure class=\"cmsmasters_img_rollover_wrap preloader\"><img loading=\"lazy\" decoding=\"async\" width=\"300\" height=\"300\" src=\"https:\/\/www.fondslesbien.org\/wp-content\/uploads\/2016\/12\/LIG_elisabeth_lebovici.jpg\" class=\"full-width wp-post-image\" alt=\"Elisabeth LEBOVICI\" title=\"Elisabeth LEBOVICI\" srcset=\"https:\/\/www.fondslesbien.org\/wp-content\/uploads\/2016\/12\/LIG_elisabeth_lebovici.jpg 900w, https:\/\/www.fondslesbien.org\/wp-content\/uploads\/2016\/12\/LIG_elisabeth_lebovici-300x300.jpg 300w, https:\/\/www.fondslesbien.org\/wp-content\/uploads\/2016\/12\/LIG_elisabeth_lebovici-100x100.jpg 100w, https:\/\/www.fondslesbien.org\/wp-content\/uploads\/2016\/12\/LIG_elisabeth_lebovici-600x600.jpg 600w, https:\/\/www.fondslesbien.org\/wp-content\/uploads\/2016\/12\/LIG_elisabeth_lebovici-150x150.jpg 150w, https:\/\/www.fondslesbien.org\/wp-content\/uploads\/2016\/12\/LIG_elisabeth_lebovici-768x768.jpg 768w\" sizes=\"auto, (max-width: 300px) 100vw, 300px\" \/><div class=\"cmsmasters_img_rollover\"><a href=\"https:\/\/www.fondslesbien.org\/en\/profile\/elisabeth-lebovici\/\" title=\"Elisabeth LEBOVICI\" class=\"cmsmasters_open_post_link cmsmasters_theme_icon_post_link\"><\/a><\/div><\/figure><\/div><div class=\"profile_inner\"><header class=\"cmsmasters_profile_header entry-header\"><h3 class=\"cmsmasters_profile_title entry-title\"><a href=\"https:\/\/www.fondslesbien.org\/en\/profile\/elisabeth-lebovici\/\">Elisabeth LEBOVICI<\/a><\/h3><\/header><div class=\"cmsmasters_profile_content entry-content\">\n<p>Historienne et critique d\u2019art, Elisabeth Lebovici s\u2019attache, depuis de nombreuses ann\u00e9es, \u00e0 faire conna\u00eetre l\u2019histoire des artistes femmes et \u00e0...<\/p>\n<\/div>\n<\/div>\t<\/div>\r\n<\/article>\r\n<!--_________________________ Finish Horizontal Profile _________________________ -->\r\n\r\n\r\n<!--_________________________ Start Horizontal Profile _________________________ -->\r\n\r\n<article id=\"post-820\" class=\"cmsmasters_profile_horizontal one_third post-820 profile type-profile status-publish has-post-thumbnail hentry pl-categs-comite-attribution pl-categs-fondatrices\">\r\n\t<div class=\"profile_outer\">\r\n\t<div class=\"cmsmasters_profile_img_wrap\"><figure class=\"cmsmasters_img_rollover_wrap preloader\"><img loading=\"lazy\" decoding=\"async\" width=\"300\" height=\"300\" src=\"https:\/\/www.fondslesbien.org\/wp-content\/uploads\/2017\/05\/Veronica_Noseda-6477-1-300x300.jpg\" class=\"full-width wp-post-image\" alt=\"Veronica NOSEDA\" title=\"Veronica NOSEDA\" srcset=\"https:\/\/www.fondslesbien.org\/wp-content\/uploads\/2017\/05\/Veronica_Noseda-6477-1-300x300.jpg 300w, https:\/\/www.fondslesbien.org\/wp-content\/uploads\/2017\/05\/Veronica_Noseda-6477-1-100x100.jpg 100w, https:\/\/www.fondslesbien.org\/wp-content\/uploads\/2017\/05\/Veronica_Noseda-6477-1-150x150.jpg 150w, https:\/\/www.fondslesbien.org\/wp-content\/uploads\/2017\/05\/Veronica_Noseda-6477-1-70x70.jpg 70w, https:\/\/www.fondslesbien.org\/wp-content\/uploads\/2017\/05\/Veronica_Noseda-6477-1-360x360.jpg 360w, https:\/\/www.fondslesbien.org\/wp-content\/uploads\/2017\/05\/Veronica_Noseda-6477-1-580x580.jpg 580w\" sizes=\"auto, (max-width: 300px) 100vw, 300px\" \/><div class=\"cmsmasters_img_rollover\"><a href=\"https:\/\/www.fondslesbien.org\/en\/profile\/veronica-noseda\/\" title=\"Veronica NOSEDA\" class=\"cmsmasters_open_post_link cmsmasters_theme_icon_post_link\"><\/a><\/div><\/figure><\/div><div class=\"profile_inner\"><header class=\"cmsmasters_profile_header entry-header\"><h3 class=\"cmsmasters_profile_title entry-title\"><a href=\"https:\/\/www.fondslesbien.org\/en\/profile\/veronica-noseda\/\">Veronica NOSEDA<\/a><\/h3><\/header><div class=\"cmsmasters_profile_content entry-content\">\n<p>Arriv\u00e9e en France pour des recherches sur les in\u00e9galit\u00e9s urbaines, Veronica Noseda est n\u00e9e en Suisse. Elle a fait ses...<\/p>\n<\/div>\n<\/div>\t<\/div>\r\n<\/article>\r\n<!--_________________________ Finish Horizontal Profile _________________________ -->\r\n\r\n\r\n<!--_________________________ Start Horizontal Profile _________________________ -->\r\n\r\n<article id=\"post-822\" class=\"cmsmasters_profile_horizontal one_third post-822 profile type-profile status-publish has-post-thumbnail hentry pl-categs-comite-attribution pl-categs-fondatrices\">\r\n\t<div class=\"profile_outer\">\r\n\t<div class=\"cmsmasters_profile_img_wrap\"><figure class=\"cmsmasters_img_rollover_wrap preloader\"><img loading=\"lazy\" decoding=\"async\" width=\"234\" height=\"234\" src=\"https:\/\/www.fondslesbien.org\/wp-content\/uploads\/2016\/12\/LIG_suzanne_robichon.jpg\" class=\"full-width wp-post-image\" alt=\"Suzanne ROBICHON\" title=\"Suzanne ROBICHON\" srcset=\"https:\/\/www.fondslesbien.org\/wp-content\/uploads\/2016\/12\/LIG_suzanne_robichon.jpg 234w, https:\/\/www.fondslesbien.org\/wp-content\/uploads\/2016\/12\/LIG_suzanne_robichon-100x100.jpg 100w, https:\/\/www.fondslesbien.org\/wp-content\/uploads\/2016\/12\/LIG_suzanne_robichon-150x150.jpg 150w\" sizes=\"auto, (max-width: 234px) 100vw, 234px\" \/><div class=\"cmsmasters_img_rollover\"><a href=\"https:\/\/www.fondslesbien.org\/en\/profile\/suzanne-robichon\/\" title=\"Suzanne ROBICHON\" class=\"cmsmasters_open_post_link cmsmasters_theme_icon_post_link\"><\/a><\/div><\/figure><\/div><div class=\"profile_inner\"><header class=\"cmsmasters_profile_header entry-header\"><h3 class=\"cmsmasters_profile_title entry-title\"><a href=\"https:\/\/www.fondslesbien.org\/en\/profile\/suzanne-robichon\/\">Suzanne ROBICHON<\/a><\/h3><\/header><div class=\"cmsmasters_profile_content entry-content\">\n<p>Suzanne Robichon, dite Suzette, ou Triton dans des temps plus anciens, a toujours eu \u00e0 l\u2019horizon de ses actions l\u2019espoir...<\/p>\n<\/div>\n<\/div>\t<\/div>\r\n<\/article>\r\n<!--_________________________ Finish Horizontal Profile _________________________ -->\r\n\r\n<\/div>\n<\/div>\n<\/div>\n<\/div>\n<\/div>\n<\/div>\n<\/div>\n\n","protected":false},"excerpt":{"rendered":"","protected":false},"author":1,"featured_media":0,"parent":0,"menu_order":0,"comment_status":"closed","ping_status":"closed","template":"","meta":{"footnotes":""},"class_list":["post-8","page","type-page","status-publish","hentry"],"translation":{"provider":"WPGlobus","version":"3.0.2","language":"en","enabled_languages":["fr","en"],"languages":{"fr":{"title":true,"content":true,"excerpt":false},"en":{"title":false,"content":false,"excerpt":false}}},"yoast_head":"<!-- This site is optimized with the Yoast SEO plugin v26.8 - https:\/\/yoast.com\/product\/yoast-seo-wordpress\/ -->\n<title>Nous conna\u00eetre &#8212; LIG<\/title>\n<meta name=\"robots\" content=\"index, follow, max-snippet:-1, max-image-preview:large, max-video-preview:-1\" \/>\n<link rel=\"canonical\" href=\"https:\/\/www.fondslesbien.org\/nous-connaitre\/\" \/>\n<meta property=\"og:locale\" content=\"en_US\" \/>\n<meta property=\"og:type\" content=\"article\" \/>\n<meta property=\"og:title\" content=\"Nous conna\u00eetre &#8212; LIG\" \/>\n<meta property=\"og:url\" content=\"https:\/\/www.fondslesbien.org\/nous-connaitre\/\" \/>\n<meta property=\"og:site_name\" content=\"LIG\" \/>\n<meta property=\"article:modified_time\" content=\"2018-03-10T19:01:22+00:00\" \/>\n<meta name=\"twitter:card\" content=\"summary_large_image\" \/>\n<meta name=\"twitter:label1\" content=\"Est. reading time\" \/>\n\t<meta name=\"twitter:data1\" content=\"3 minutes\" \/>\n<script type=\"application\/ld+json\" class=\"yoast-schema-graph\">{\"@context\":\"https:\/\/schema.org\",\"@graph\":[{\"@type\":\"WebPage\",\"@id\":\"https:\/\/www.fondslesbien.org\/nous-connaitre\/\",\"url\":\"https:\/\/www.fondslesbien.org\/nous-connaitre\/\",\"name\":\"Nous conna\u00eetre &#8212; LIG\",\"isPartOf\":{\"@id\":\"https:\/\/www.fondslesbien.org\/#website\"},\"datePublished\":\"2016-09-15T15:55:00+00:00\",\"dateModified\":\"2018-03-10T19:01:22+00:00\",\"breadcrumb\":{\"@id\":\"https:\/\/www.fondslesbien.org\/nous-connaitre\/#breadcrumb\"},\"inLanguage\":\"en-US\",\"potentialAction\":[{\"@type\":\"ReadAction\",\"target\":[\"https:\/\/www.fondslesbien.org\/nous-connaitre\/\"]}]},{\"@type\":\"BreadcrumbList\",\"@id\":\"https:\/\/www.fondslesbien.org\/nous-connaitre\/#breadcrumb\",\"itemListElement\":[{\"@type\":\"ListItem\",\"position\":1,\"name\":\"Home\",\"item\":\"https:\/\/www.fondslesbien.org\/\"},{\"@type\":\"ListItem\",\"position\":2,\"name\":\"Nous conna\u00eetre\"}]},{\"@type\":\"WebSite\",\"@id\":\"https:\/\/www.fondslesbien.org\/#website\",\"url\":\"https:\/\/www.fondslesbien.org\/\",\"name\":\"LIG\",\"description\":\"Lesbiennes d\u2019Int\u00e9r\u00eat G\u00e9n\u00e9ral\",\"potentialAction\":[{\"@type\":\"SearchAction\",\"target\":{\"@type\":\"EntryPoint\",\"urlTemplate\":\"https:\/\/www.fondslesbien.org\/?s={search_term_string}\"},\"query-input\":{\"@type\":\"PropertyValueSpecification\",\"valueRequired\":true,\"valueName\":\"search_term_string\"}}],\"inLanguage\":\"en-US\"}]}<\/script>\n<!-- \/ Yoast SEO plugin. -->","yoast_head_json":{"title":"Nous conna\u00eetre &#8212; LIG","robots":{"index":"index","follow":"follow","max-snippet":"max-snippet:-1","max-image-preview":"max-image-preview:large","max-video-preview":"max-video-preview:-1"},"canonical":"https:\/\/www.fondslesbien.org\/nous-connaitre\/","og_locale":"en_US","og_type":"article","og_title":"Nous conna\u00eetre &#8212; LIG","og_url":"https:\/\/www.fondslesbien.org\/nous-connaitre\/","og_site_name":"LIG","article_modified_time":"2018-03-10T19:01:22+00:00","twitter_card":"summary_large_image","twitter_misc":{"Est. reading time":"3 minutes"},"schema":{"@context":"https:\/\/schema.org","@graph":[{"@type":"WebPage","@id":"https:\/\/www.fondslesbien.org\/nous-connaitre\/","url":"https:\/\/www.fondslesbien.org\/nous-connaitre\/","name":"Nous conna\u00eetre &#8212; LIG","isPartOf":{"@id":"https:\/\/www.fondslesbien.org\/#website"},"datePublished":"2016-09-15T15:55:00+00:00","dateModified":"2018-03-10T19:01:22+00:00","breadcrumb":{"@id":"https:\/\/www.fondslesbien.org\/nous-connaitre\/#breadcrumb"},"inLanguage":"en-US","potentialAction":[{"@type":"ReadAction","target":["https:\/\/www.fondslesbien.org\/nous-connaitre\/"]}]},{"@type":"BreadcrumbList","@id":"https:\/\/www.fondslesbien.org\/nous-connaitre\/#breadcrumb","itemListElement":[{"@type":"ListItem","position":1,"name":"Home","item":"https:\/\/www.fondslesbien.org\/"},{"@type":"ListItem","position":2,"name":"Nous conna\u00eetre"}]},{"@type":"WebSite","@id":"https:\/\/www.fondslesbien.org\/#website","url":"https:\/\/www.fondslesbien.org\/","name":"LIG","description":"Lesbiennes d\u2019Int\u00e9r\u00eat G\u00e9n\u00e9ral","potentialAction":[{"@type":"SearchAction","target":{"@type":"EntryPoint","urlTemplate":"https:\/\/www.fondslesbien.org\/?s={search_term_string}"},"query-input":{"@type":"PropertyValueSpecification","valueRequired":true,"valueName":"search_term_string"}}],"inLanguage":"en-US"}]}},"_links":{"self":[{"href":"https:\/\/www.fondslesbien.org\/en\/wp-json\/wp\/v2\/pages\/8","targetHints":{"allow":["GET"]}}],"collection":[{"href":"https:\/\/www.fondslesbien.org\/en\/wp-json\/wp\/v2\/pages"}],"about":[{"href":"https:\/\/www.fondslesbien.org\/en\/wp-json\/wp\/v2\/types\/page"}],"author":[{"embeddable":true,"href":"https:\/\/www.fondslesbien.org\/en\/wp-json\/wp\/v2\/users\/1"}],"replies":[{"embeddable":true,"href":"https:\/\/www.fondslesbien.org\/en\/wp-json\/wp\/v2\/comments?post=8"}],"version-history":[{"count":134,"href":"https:\/\/www.fondslesbien.org\/en\/wp-json\/wp\/v2\/pages\/8\/revisions"}],"predecessor-version":[{"id":2738,"href":"https:\/\/www.fondslesbien.org\/en\/wp-json\/wp\/v2\/pages\/8\/revisions\/2738"}],"wp:attachment":[{"href":"https:\/\/www.fondslesbien.org\/en\/wp-json\/wp\/v2\/media?parent=8"}],"curies":[{"name":"wp","href":"https:\/\/api.w.org\/{rel}","templated":true}]}}